{"id":760,"date":"2024-03-07T11:38:19","date_gmt":"2024-03-07T10:38:19","guid":{"rendered":"https:\/\/vtfywin.cluster030.hosting.ovh.net\/?page_id=760"},"modified":"2024-03-08T14:16:16","modified_gmt":"2024-03-08T13:16:16","slug":"politique-de-protection-des-donnees","status":"publish","type":"page","link":"https:\/\/www.valoren.org\/index.php\/politique-de-protection-des-donnees\/","title":{"rendered":"Politique de protection des donn\u00e9es"},"content":{"rendered":"\t\t<div data-elementor-type=\"wp-page\" data-elementor-id=\"760\" class=\"elementor elementor-760\">\n\t\t\t\t\t\t<section class=\"elementor-section elementor-top-section elementor-element elementor-element-532e221 elementor-section-content-middle envato-kit-141-top-0 elementor-section-boxed elementor-section-height-default elementor-section-height-default\" data-id=\"532e221\" data-element_type=\"section\" data-e-type=\"section\" data-settings=\"{&quot;background_background&quot;:&quot;classic&quot;}\">\n\t\t\t\t\t\t\t<div class=\"elementor-background-overlay\"><\/div>\n\t\t\t\t\t\t\t<div class=\"elementor-container elementor-column-gap-wide\">\n\t\t\t\t\t<div class=\"elementor-column elementor-col-100 elementor-top-column elementor-element elementor-element-26f0207\" data-id=\"26f0207\" data-element_type=\"column\" data-e-type=\"column\">\n\t\t\t<div class=\"elementor-widget-wrap elementor-element-populated\">\n\t\t\t\t\t\t<div class=\"elementor-element elementor-element-41bcf06 elementor-widget elementor-widget-heading\" data-id=\"41bcf06\" data-element_type=\"widget\" data-e-type=\"widget\" data-widget_type=\"heading.default\">\n\t\t\t\t<div class=\"elementor-widget-container\">\n\t\t\t\t\t<h2 class=\"elementor-heading-title elementor-size-default\">Politique de protection des donn\u00e9es<\/h2>\t\t\t\t<\/div>\n\t\t\t\t<\/div>\n\t\t\t\t<section class=\"elementor-section elementor-inner-section elementor-element elementor-element-de7f257 elementor-section-boxed elementor-section-height-default elementor-section-height-default\" data-id=\"de7f257\" data-element_type=\"section\" data-e-type=\"section\">\n\t\t\t\t\t\t<div class=\"elementor-container elementor-column-gap-no\">\n\t\t\t\t\t<div class=\"elementor-column elementor-col-100 elementor-inner-column elementor-element elementor-element-2d02c36\" data-id=\"2d02c36\" data-element_type=\"column\" data-e-type=\"column\">\n\t\t\t<div class=\"elementor-widget-wrap elementor-element-populated\">\n\t\t\t\t\t\t<div class=\"elementor-element elementor-element-e347302 elementor-widget elementor-widget-text-editor\" data-id=\"e347302\" data-element_type=\"widget\" data-e-type=\"widget\" data-widget_type=\"text-editor.default\">\n\t\t\t\t<div class=\"elementor-widget-container\">\n\t\t\t\t\t\t\t\t\t<div id=\"comp-kretjq7d\" class=\"_2bafp\" data-testid=\"richTextElement\"><h2 class=\"elementor-heading-title elementor-size-default\">La pr\u00e9sente politique de protection des donn\u00e9es vise \u00e0 vous informer de nos pratiques concernant la collecte, l\u2019utilisation, le traitement et le partage des donn\u00e9es personnelles que vous \u00eates amen\u00e9s \u00e0 nous fournir lors de votre navigation sur notre site internet www.valoren.org (ci-apr\u00e8s le \u00ab Site \u00bb) et ce, conform\u00e9ment aux dispositions l\u00e9gales, en particulier la loi n\u00b078-17 du 6 janvier 1978 modifi\u00e9e, le r\u00e8glement (UE) 2016\/679 du Parlement europ\u00e9en et du Conseil du 27 avril 2016 relatif \u00e0 la protection des personnes physiques \u00e0 l\u2019\u00e9gard du traitement des donn\u00e9es \u00e0 caract\u00e8re personnel et \u00e0 la libre circulation de ces donn\u00e9es (\u00ab RGPD \u00bb).<\/h2><p>\u00a0<\/p><p>La pr\u00e9sente politique de protection des donn\u00e9es a pour objet de vous pr\u00e9ciser :<br \/>\u2022 La fa\u00e7on dont vos donn\u00e9es \u00e0 caract\u00e8re personnel sont collect\u00e9es et trait\u00e9es ;<br \/>\u2022 Vos droits concernant ces donn\u00e9es ;<br \/>\u2022 Les \u00e9ventuels destinataires de vos donn\u00e9es ;<\/p><\/div>\t\t\t\t\t\t\t\t<\/div>\n\t\t\t\t<\/div>\n\t\t\t\t<div class=\"elementor-element elementor-element-0b83938 elementor-widget elementor-widget-text-editor\" data-id=\"0b83938\" data-element_type=\"widget\" data-e-type=\"widget\" data-widget_type=\"text-editor.default\">\n\t\t\t\t<div class=\"elementor-widget-container\">\n\t\t\t\t\t\t\t\t\t<div data-testid=\"richTextElement\">\n<ol>\n<li><strong style=\"font-size: 20px;\">Vos donn\u00e9es collect\u00e9es<\/strong><\/li>\n<\/ol>\n<p>Nous collectons et traitons certaines de vos donn\u00e9es personnelles et informations ceci uniquement afin de pouvoir vous accompagner et traiter les demandes d\u2019aides au titre de la Transition Energ\u00e9tique dont vous pourriez b\u00e9n\u00e9ficier.<\/p>\n<p><strong>1.1.&nbsp;Les donn\u00e9es et informations que vous transmettez directement :&nbsp;<\/strong><\/p>\n<p><em>1.1.1. Pour la constitution de votre dossier<\/em><\/p>\n<ul>\n<li>Les donn\u00e9es vous concernant et de nature \u00e0 vous identifier&nbsp;: votre nom, email, num\u00e9ro de t\u00e9l\u00e9phone, adresse.<\/li>\n<li>Les donn\u00e9es relatives \u00e0 votre habitat&nbsp;: caract\u00e9ristiques du logement (type et taille de la surface \u00e0 isoler, \u00e9nergie de chauffage \u00e0 isoler, mode de chauffage du logement\u2026), statut de propri\u00e9t\u00e9 (propri\u00e9taire ou locataire), donn\u00e9es sur la composition du m\u00e9nage (nombre de personnes composant le foyer) etc\u2026<\/li>\n<\/ul>\n<p><em>1.1.2. Les informations&nbsp;recueillies lors de l\u2019envoi d\u2019un formulaire en ligne de demande d\u2019informations concernant l\u2019un de nos produits ou services.<\/em><\/p>\n<p><em>1.1.3. Les informations que vous nous transmettez lorsque vous contactez notre service-client : la nature de la r\u00e9clamation et toutes informations n\u00e9cessaires au traitement de votre demande.<\/em><\/p>\n<p><em>1.1.4. Les informations contenues dans l\u2019attestation sur l\u2019honneur que vous nous transmettez \u00e0 la suite de la r\u00e9alisation de travaux de r\u00e9novation \u00e9nerg\u00e9tique<\/em><\/p>\n<p><strong>1.2. Les donn\u00e9es \u00e0 risque mais non sensibles au sens RGPD que vous nous transmettez :&nbsp;<\/strong><\/p>\n<p>Dans le cadre du traitement de vos dossiers vous devez nous transmettre le montant de vos revenus ainsi qu\u2019une copie de votre derni\u00e8re d\u00e9claration fiscale. Ces donn\u00e9es sont utilis\u00e9es dans le cadre de la r\u00e9glementation des certificats d\u2019\u00e9conomie d\u2019\u00e9nergie (\u00ab&nbsp;CEE&nbsp;\u00bb) et de Ma Prime Renov pour pr\u00e9ciser votre niveau de pr\u00e9carit\u00e9 \u00e9nerg\u00e9tique \u00e9ventuel au sens des CEE et de l\u2019ANAH.<\/p>\n<ol start=\"2\">\n<li><strong>Finalit\u00e9s des traitements<\/strong><\/li>\n<\/ol>\n<p>Les donn\u00e9es personnelles et informations collect\u00e9es vous concernant sont destin\u00e9es \u00e0&nbsp;:<\/p>\n<p><strong>2.1. Vous accompagner dans le cadre :&nbsp;<\/strong><\/p>\n<ul>\n<li>De l\u2019obtention d\u2019une aide ou subvention pour la r\u00e9alisation de vos travaux de r\u00e9novation \u00e9nerg\u00e9tique&nbsp;dans le cadre du dispositif des CEE et de Ma Prime Renov&nbsp;;<\/li>\n<li>De la r\u00e9alisation de vos travaux de r\u00e9novation \u00e9nerg\u00e9tique&nbsp;dans le cadre du dispositif des CEE et de Ma Prime R\u00e9nov&nbsp;;<\/li>\n<li>De la constitution de vos dossiers de demandes de primes auxquelles vous seriez \u00e9ligibles.<\/li>\n<\/ul>\n<p>Ces traitements sont n\u00e9cessaires \u00e0 l\u2019ex\u00e9cution de nos obligations contractuelles.<\/p>\n<p><strong>2.2.&nbsp;La gestion de vos demandes de primes auxquelles vous seriez \u00e9ligibles<\/strong><\/p>\n<p>Ce traitement est n\u00e9cessaire \u00e0 l\u2019ex\u00e9cution de nos obligations contractuelles<strong>.<\/strong><\/p>\n<p><strong>2.3.&nbsp;V\u00e9rifier votre identit\u00e9 et vos donn\u00e9es personnelles :<\/strong><\/p>\n<p>Ce traitement n\u00e9cessite que nous recueillions votre consentement.<\/p>\n<p><strong>2.4.&nbsp;Percevoir le cas \u00e9ch\u00e9ant vos paiements :<\/strong><\/p>\n<p>Ce traitement est n\u00e9cessaire \u00e0 l\u2019ex\u00e9cution de nos obligations contractuelles.<\/p>\n<p><strong>2.5.&nbsp;Mener des enqu\u00eates de satisfaction pour am\u00e9liorer nos services :<\/strong><\/p>\n<p>Ce traitement est fond\u00e9 sur notre int\u00e9r\u00eat l\u00e9gitime.<\/p>\n<ol start=\"3\">\n<li><strong>Responsable du traitement<\/strong><\/li>\n<\/ol>\n<p>Les donn\u00e9es \u00e0 caract\u00e8re personnel vous concernant, collect\u00e9es sont trait\u00e9s par VALOREN, SAS au capital de 1 000 000 \u20ac, immatricul\u00e9e sous le num\u00e9ro 852&nbsp;404 938 RCS NANTERRE, ayant son si\u00e8ge social 151 Boulevard Victor HUGO 92110 CLICHY.<\/p>\n<ol start=\"4\">\n<li><strong>Transmission des donn\u00e9es<\/strong><\/li>\n<\/ol>\n<p>Vos donn\u00e9es sont destin\u00e9es \u00e0 VALOREN. Cependant, nous pouvons \u00eatre amen\u00e9 \u00e0 transmettre certaines de vos donn\u00e9es \u00e0 certains destinataires qui pr\u00e9sentent les garanties requises par la r\u00e9glementation applicable en mati\u00e8re de protection des donn\u00e9es \u00e0 caract\u00e8re personnel.<\/p>\n<p><strong>4.1.&nbsp;A nos prestataires de services<\/strong><\/p>\n<p>Dans le cadre de nos activit\u00e9s, nous faisons appel \u00e0 des soci\u00e9t\u00e9s tierces pour la r\u00e9alisation de certaines prestations de services telles que l\u2019h\u00e9bergement du programme GREEN SAVE PLANET et des donn\u00e9es, le paiement\/versement des primes, le contr\u00f4le de la bonne r\u00e9alisation des travaux etc. Pour la r\u00e9alisation de ces prestations, nous vous informons que nous sommes amen\u00e9s \u00e0 transmettre \u00e0 ces prestataires de services certaines donn\u00e9es personnelles et informations vous concernant. Ces prestataires n\u2019ont acc\u00e8s qu\u2019aux seules donn\u00e9es n\u00e9cessaires \u00e0 l\u2019ex\u00e9cution de leurs prestations et ne sont pas autoris\u00e9s \u00e0 traiter les donn\u00e9es des utilisateurs pour d\u2019autres usages.<\/p>\n<p><strong>4.2.&nbsp;Aux organismes administratifs et de contr\u00f4les qualit\u00e9 li\u00e9s \u00e0 la mise en \u0153uvre du dispositif des CEE et de Ma Prime R\u00e9nov<\/strong><\/p>\n<p>Nous transmettons aux organismes administratifs et de contr\u00f4le qualit\u00e9 qui g\u00e8rent la mise en \u0153uvre de ces dispositifs certaines donn\u00e9es et informations vous concernant telles que l\u2019attestation sur l\u2019honneur que vous nous remettez, le montant de vos revenus, votre nom, adresse etc.<\/p>\n<p><strong>4.3.&nbsp;Aux autorit\u00e9s<\/strong><\/p>\n<p>Conform\u00e9ment \u00e0 la r\u00e8glementation et \u00e0 nos obligations l\u00e9gales, nous pouvons \u00eatre amen\u00e9s \u00e0 divulguer vos donn\u00e9es \u00e0 caract\u00e8re personnel&nbsp;aux autorit\u00e9s administrative ou judiciaire lorsque leur divulgation est n\u00e9cessaire \u00e0 l\u2019identification, l\u2019interpellation ou la poursuite en justice de tout individu susceptible de porter pr\u00e9judice \u00e0 nos droits, de tout autre utilisateur ou d\u2019un tiers. Nous pouvons enfin \u00eatre l\u00e9galement tenu de divulguer vos donn\u00e9es \u00e0 caract\u00e8re personnel et ne pouvons dans ce cas nous y opposer.<\/p>\n<ol start=\"5\">\n<li><strong>H\u00e9bergement des donn\u00e9es<\/strong><\/li>\n<\/ol>\n<p>Le Site est h\u00e9berg\u00e9 chez OVH France, dont le si\u00e8ge social est au 19 Place Fran\u00e7oise Dorin, 75017 Paris.<\/p>\n<ol start=\"6\">\n<li><strong>Dur\u00e9e de conservation des donn\u00e9es \u00e0 caract\u00e8re personnel<\/strong><\/li>\n<\/ol>\n<p>Nous conservons vos donn\u00e9es dans notre base uniquement le temps n\u00e9cessaire \u00e0 la r\u00e9alisation des finalit\u00e9s vis\u00e9es ci-dessus et conform\u00e9ment \u00e0 la r\u00e9glementation en vigueur et notamment la r\u00e9glementation sp\u00e9cifique en mati\u00e8re de CEE. Vos donn\u00e9es sont ensuite archiv\u00e9es avec un acc\u00e8s restreint pour une dur\u00e9e suppl\u00e9mentaire pour des raisons limit\u00e9es et autoris\u00e9es par la loi (paiement, litiges, P\u00f4le national des CEE\u2026). Pass\u00e9 ce d\u00e9lai, elles sont supprim\u00e9es.<\/p>\n<ol start=\"7\">\n<li><strong>Quels sont vos droits sur vos donn\u00e9es personnelles<\/strong><\/li>\n<\/ol>\n<p>Conform\u00e9ment \u00e0 la r\u00e9glementation applicable en mati\u00e8re de protection des donn\u00e9es \u00e0 caract\u00e8re personnel, vous pouvez par ailleurs, \u00e0 tout moment, et pour de justes motifs, exercer les droits suivants&nbsp;:<\/p>\n<p>Le droit d\u2019acc\u00e8s, de rectification et droit \u00e0 l\u2019effacement :&nbsp;vous pouvez prendre connaissance, mettre \u00e0 jour, modifier ou demander la suppression des donn\u00e9es, dans la limite de l\u2019article 17, 3 du RGPD, \u00e0 savoir notamment dans le cas o\u00f9 la conservation de vos donn\u00e9es d\u00e9coule d\u2019une de nos obligations l\u00e9gales de conservation.<\/p>\n<p>Le droit \u00e0 la limitation du traitement :&nbsp;vous pouvez obtenir que nous limitions l\u2019utilisation de vos donn\u00e9es \u00e0 caract\u00e8re personnel d\u00e8s lors que vous vous y \u00eates oppos\u00e9, lorsque vous contestez l\u2019exactitude de vos donn\u00e9es, lorsque leur traitement est illicite, ou lorsque vous en avez besoin pour la constatation, l\u2019exercice ou la d\u00e9fense de vos droits en justice. Dans le cas o\u00f9 vous exerceriez ce droit, nous devrons nous limiter au stockage des donn\u00e9es. Aucune autre op\u00e9ration ne pourra, avoir lieu sur ces donn\u00e9es personnelles.<\/p>\n<p>Le droit \u00e0 la portabilit\u00e9 des donn\u00e9es :&nbsp;vous avez le droit de r\u00e9cup\u00e9rer les donn\u00e9es que vous nous avez fournies. En effet, lorsque le traitement est fond\u00e9 sur le consentement ou sur un contrat, et effectu\u00e9 \u00e0 l\u2019aide de proc\u00e9d\u00e9s automatis\u00e9s, vous devez avoir le droit de recevoir les donn\u00e9es dans un format structur\u00e9, couramment utilis\u00e9, lisible par machine et interop\u00e9rable, et de les transmettre \u00e0 un autre responsable du traitement sans que le responsable du traitement initial y fasse obstacle.<\/p>\n<p>Le droit de ne pas faire l\u2019objet d\u2019une prise de d\u00e9cision automatis\u00e9e :&nbsp;vous avez le droit de ne pas faire l\u2019objet d\u2019une d\u00e9cision fond\u00e9e exclusivement sur un traitement automatis\u00e9, produisant des effets juridiques la concernant ou l\u2019affectant, sauf lorsque cette d\u00e9cision est n\u00e9cessaire \u00e0 la conclusion ou \u00e0 l\u2019ex\u00e9cution d\u2019un contrat, est autoris\u00e9e l\u00e9galement, ou est fond\u00e9e sur son consentement. Le profilage y est express\u00e9ment inclus.<\/p>\n<p>Le droit de d\u00e9terminer le sort des donn\u00e9es \u00e0 caract\u00e8re personnel apr\u00e8s la mort :&nbsp;vous pouvez organiser le sort de vos donn\u00e9es \u00e0 caract\u00e8re personnel collect\u00e9es et trait\u00e9es apr\u00e8s votre mort.<\/p>\n<p>Le droit \u00e0 la communication d\u2019une violation de donn\u00e9es \u00e0 caract\u00e8re personnel :&nbsp;dans certaines conditions, lorsqu\u2019une violation de donn\u00e9es \u00e0 caract\u00e8re personnel est susceptible d\u2019engendrer un risque \u00e9lev\u00e9 pour les droits et libert\u00e9s d\u2019une personne physique, nous devons vous communiquer termes clairs et simples la nature de ladite violation, dans les meilleurs d\u00e9lais.<\/p>\n<p><strong>7.1. Comment exercer ses droits<\/strong><\/p>\n<p>Pour toute demande d\u2019acc\u00e8s, d\u2019opposition, rectification, portabilit\u00e9, limitation, sort de vos donn\u00e9es en cas de d\u00e9c\u00e8s vous pouvez soit :<\/p>\n<p>Adresser un email \u00e0 l\u2019adresse suivante :&nbsp;<strong>rgpd@valoren.org<\/strong><\/p>\n<p>Adresser un courrier \u00e0 :&nbsp;<span style=\"font-family: Roboto, sans-serif; font-size: 20px; font-style: normal; font-variant-ligatures: normal; font-variant-caps: normal; font-weight: 300;\">VALOREN<\/span>&nbsp;D\u00e9l\u00e9gu\u00e9 \u00e0 la Protection des Donn\u00e9es 151 Boulevard Victor HUGO 92110 CLICHY.<\/p>\n<p>Dans les deux cas vous devez&nbsp;:&nbsp;<\/p>\n<p>Pr\u00e9ciser l\u2019objet de la demande ;<\/p>\n<p>Indiquer votre nom, pr\u00e9nom ;<\/p>\n<p>Joindre la photocopie recto-verso de votre carte d\u2019identit\u00e9 ou passeport ;<\/p>\n<p>L\u2019adresse email si vous nous avez contact\u00e9 par courrier.<\/p>\n<p>Nos services r\u00e9pondent aux demandes dans les meilleurs d\u00e9lais et au plus tard dans un d\u00e9lai d\u2019un mois \u00e0 compter de la r\u00e9ception de la demande.<\/p>\n<p>Enfin, vous pouvez \u00e9galement introduire une r\u00e9clamation aupr\u00e8s de la CNIL (Commission Nationale de l\u2019Informatique et des Libert\u00e9s), 3 Place de Fontenoy \u2013 TSA 80715 \u2013 75334 Paris Cedex 07 ou sur son site internet&nbsp;:&nbsp;<a href=\"https:\/\/www.cnil.fr\/\"><strong>www.cnil.fr<\/strong><\/a><strong>.<\/strong><\/p>\n<ol start=\"8\">\n<li><strong>S\u00e9curit\u00e9<\/strong><\/li>\n<\/ol>\n<p>VALOREN est attentif au caract\u00e8re priv\u00e9 et \u00e0 l\u2019importance de vos donn\u00e9es et engage tous les efforts possibles pour les conserver en s\u00e9curit\u00e9 et vous garantir votre tranquillit\u00e9.<\/p>\n<p>Les donn\u00e9es non utilis\u00e9es depuis 3 ans sont r\u00e9guli\u00e8rement effac\u00e9es de nos bases (op\u00e9ration effectu\u00e9e au moins une fois par an)<\/p>\n<p>Par principe&nbsp;<span style=\"font-family: Roboto, sans-serif; font-size: 20px; font-style: normal; font-variant-ligatures: normal; font-variant-caps: normal; font-weight: 300;\">VALOREN<\/span>&nbsp;n\u2019effectue pas de transferts de donn\u00e9es \u00e0 caract\u00e8re personnel hors de l\u2019Union Europ\u00e9enne.<\/p>\n<ol start=\"9\">\n<li><strong>Autres services disponibles \u00e0 partir du site<\/strong><\/li>\n<\/ol>\n<p>Le Site peut \u00e9galement comporter des liens vers des r\u00e9seaux sociaux (tels que Facebook ou Twitter). Toutefois nous ne contr\u00f4lons pas les cookies utilis\u00e9s par ces sites Web externes. Pour plus d\u2019informations sur les cookies des r\u00e9seaux sociaux ou autres sites Web externes, nous recommandons de v\u00e9rifier leurs propres politiques de cookies.<\/p>\n<ol start=\"10\">\n<li><strong>Mise \u00e0 jour de la politique de donn\u00e9es personnelles<\/strong><\/li>\n<\/ol>\n<p>Nos offres et nos services \u00e9tant en constante \u00e9volution, nous nous r\u00e9servons le droit de modifier la pr\u00e9sente politique de protection des donn\u00e9es. Dans ce cas, cela vous sera notifi\u00e9 de mani\u00e8re visible sur le Site. Ainsi nous vous conseillons de consulter r\u00e9guli\u00e8rement cette page pour prendre connaissance des \u00e9ventuelles modifications ou mises \u00e0 jour que nous pourrions y avoir apport\u00e9.<\/p>\n<\/div>\t\t\t\t\t\t\t\t<\/div>\n\t\t\t\t<\/div>\n\t\t\t\t\t<\/div>\n\t\t<\/div>\n\t\t\t\t\t<\/div>\n\t\t<\/section>\n\t\t\t\t\t<\/div>\n\t\t<\/div>\n\t\t\t\t\t<\/div>\n\t\t<\/section>\n\t\t\t\t<\/div>\n\t\t","protected":false},"excerpt":{"rendered":"<p>Politique de protection des donn\u00e9es La pr\u00e9sente politique de protection des donn\u00e9es vise \u00e0 vous informer de nos pratiques concernant la collecte, l\u2019utilisation, le traitement et le partage des donn\u00e9es personnelles que vous \u00eates amen\u00e9s \u00e0 nous fournir lors de votre navigation sur notre site internet www.valoren.org (ci-apr\u00e8s le \u00ab Site \u00bb) et ce, conform\u00e9ment [&hellip;]<\/p>\n","protected":false},"author":2,"featured_media":0,"parent":0,"menu_order":0,"comment_status":"closed","ping_status":"closed","template":"","meta":{"ocean_post_layout":"","ocean_both_sidebars_style":"","ocean_both_sidebars_content_width":0,"ocean_both_sidebars_sidebars_width":0,"ocean_sidebar":"","ocean_second_sidebar":"","ocean_disable_margins":"enable","ocean_add_body_class":"","ocean_shortcode_before_top_bar":"","ocean_shortcode_after_top_bar":"","ocean_shortcode_before_header":"","ocean_shortcode_after_header":"","ocean_has_shortcode":"","ocean_shortcode_after_title":"","ocean_shortcode_before_footer_widgets":"","ocean_shortcode_after_footer_widgets":"","ocean_shortcode_before_footer_bottom":"","ocean_shortcode_after_footer_bottom":"","ocean_display_top_bar":"default","ocean_display_header":"default","ocean_header_style":"","ocean_center_header_left_menu":"","ocean_custom_header_template":"","ocean_custom_logo":109,"ocean_custom_retina_logo":110,"ocean_custom_logo_max_width":0,"ocean_custom_logo_tablet_max_width":0,"ocean_custom_logo_mobile_max_width":0,"ocean_custom_logo_max_height":0,"ocean_custom_logo_tablet_max_height":0,"ocean_custom_logo_mobile_max_height":0,"ocean_header_custom_menu":"","ocean_menu_typo_font_family":"","ocean_menu_typo_font_subset":"","ocean_menu_typo_font_size":0,"ocean_menu_typo_font_size_tablet":0,"ocean_menu_typo_font_size_mobile":0,"ocean_menu_typo_font_size_unit":"px","ocean_menu_typo_font_weight":"","ocean_menu_typo_font_weight_tablet":"","ocean_menu_typo_font_weight_mobile":"","ocean_menu_typo_transform":"","ocean_menu_typo_transform_tablet":"","ocean_menu_typo_transform_mobile":"","ocean_menu_typo_line_height":0,"ocean_menu_typo_line_height_tablet":0,"ocean_menu_typo_line_height_mobile":0,"ocean_menu_typo_line_height_unit":"","ocean_menu_typo_spacing":0,"ocean_menu_typo_spacing_tablet":0,"ocean_menu_typo_spacing_mobile":0,"ocean_menu_typo_spacing_unit":"","ocean_menu_link_color":"","ocean_menu_link_color_hover":"","ocean_menu_link_color_active":"","ocean_menu_link_background":"","ocean_menu_link_hover_background":"","ocean_menu_link_active_background":"","ocean_menu_social_links_bg":"","ocean_menu_social_hover_links_bg":"","ocean_menu_social_links_color":"","ocean_menu_social_hover_links_color":"","ocean_disable_title":"on","ocean_disable_heading":"default","ocean_post_title":"","ocean_post_subheading":"","ocean_post_title_style":"","ocean_post_title_background_color":"","ocean_post_title_background":0,"ocean_post_title_bg_image_position":"","ocean_post_title_bg_image_attachment":"","ocean_post_title_bg_image_repeat":"","ocean_post_title_bg_image_size":"","ocean_post_title_height":0,"ocean_post_title_bg_overlay":0.5,"ocean_post_title_bg_overlay_color":"","ocean_disable_breadcrumbs":"off","ocean_breadcrumbs_color":"","ocean_breadcrumbs_separator_color":"","ocean_breadcrumbs_links_color":"","ocean_breadcrumbs_links_hover_color":"","ocean_display_footer_widgets":"on","ocean_display_footer_bottom":"off","ocean_custom_footer_template":"112","footnotes":""},"class_list":["post-760","page","type-page","status-publish","hentry","entry"],"yoast_head":"<!-- This site is optimized with the Yoast SEO plugin v27.5 - https:\/\/yoast.com\/product\/yoast-seo-wordpress\/ -->\n<title>Politique de protection des donn\u00e9es - Valoren<\/title>\n<meta name=\"robots\" content=\"index, follow, max-snippet:-1, max-image-preview:large, max-video-preview:-1\" \/>\n<link rel=\"canonical\" href=\"https:\/\/www.valoren.org\/index.php\/politique-de-protection-des-donnees\/\" \/>\n<meta property=\"og:locale\" content=\"fr_FR\" \/>\n<meta property=\"og:type\" content=\"article\" \/>\n<meta property=\"og:title\" content=\"Politique de protection des donn\u00e9es - Valoren\" \/>\n<meta property=\"og:description\" content=\"Politique de protection des donn\u00e9es La pr\u00e9sente politique de protection des donn\u00e9es vise \u00e0 vous informer de nos pratiques concernant la collecte, l\u2019utilisation, le traitement et le partage des donn\u00e9es personnelles que vous \u00eates amen\u00e9s \u00e0 nous fournir lors de votre navigation sur notre site internet www.valoren.org (ci-apr\u00e8s le \u00ab Site \u00bb) et ce, conform\u00e9ment [&hellip;]\" \/>\n<meta property=\"og:url\" content=\"https:\/\/www.valoren.org\/index.php\/politique-de-protection-des-donnees\/\" \/>\n<meta property=\"og:site_name\" content=\"Valoren\" \/>\n<meta property=\"article:modified_time\" content=\"2024-03-08T13:16:16+00:00\" \/>\n<meta name=\"twitter:card\" content=\"summary_large_image\" \/>\n<meta name=\"twitter:label1\" content=\"Dur\u00e9e de lecture estim\u00e9e\" \/>\n\t<meta name=\"twitter:data1\" content=\"9 minutes\" \/>\n<script type=\"application\/ld+json\" class=\"yoast-schema-graph\">{\"@context\":\"https:\\\/\\\/schema.org\",\"@graph\":[{\"@type\":\"WebPage\",\"@id\":\"https:\\\/\\\/www.valoren.org\\\/index.php\\\/politique-de-protection-des-donnees\\\/\",\"url\":\"https:\\\/\\\/www.valoren.org\\\/index.php\\\/politique-de-protection-des-donnees\\\/\",\"name\":\"Politique de protection des donn\u00e9es - Valoren\",\"isPartOf\":{\"@id\":\"https:\\\/\\\/www.valoren.org\\\/#website\"},\"datePublished\":\"2024-03-07T10:38:19+00:00\",\"dateModified\":\"2024-03-08T13:16:16+00:00\",\"breadcrumb\":{\"@id\":\"https:\\\/\\\/www.valoren.org\\\/index.php\\\/politique-de-protection-des-donnees\\\/#breadcrumb\"},\"inLanguage\":\"fr-FR\",\"potentialAction\":[{\"@type\":\"ReadAction\",\"target\":[\"https:\\\/\\\/www.valoren.org\\\/index.php\\\/politique-de-protection-des-donnees\\\/\"]}]},{\"@type\":\"BreadcrumbList\",\"@id\":\"https:\\\/\\\/www.valoren.org\\\/index.php\\\/politique-de-protection-des-donnees\\\/#breadcrumb\",\"itemListElement\":[{\"@type\":\"ListItem\",\"position\":1,\"name\":\"Accueil\",\"item\":\"https:\\\/\\\/www.valoren.org\\\/\"},{\"@type\":\"ListItem\",\"position\":2,\"name\":\"Politique de protection des donn\u00e9es\"}]},{\"@type\":\"WebSite\",\"@id\":\"https:\\\/\\\/www.valoren.org\\\/#website\",\"url\":\"https:\\\/\\\/www.valoren.org\\\/\",\"name\":\"Valoren\",\"description\":\"Conseils &amp; service en \u00e9nergie\",\"publisher\":{\"@id\":\"https:\\\/\\\/www.valoren.org\\\/#organization\"},\"potentialAction\":[{\"@type\":\"SearchAction\",\"target\":{\"@type\":\"EntryPoint\",\"urlTemplate\":\"https:\\\/\\\/www.valoren.org\\\/?s={search_term_string}\"},\"query-input\":{\"@type\":\"PropertyValueSpecification\",\"valueRequired\":true,\"valueName\":\"search_term_string\"}}],\"inLanguage\":\"fr-FR\"},{\"@type\":\"Organization\",\"@id\":\"https:\\\/\\\/www.valoren.org\\\/#organization\",\"name\":\"Valoren\",\"url\":\"https:\\\/\\\/www.valoren.org\\\/\",\"logo\":{\"@type\":\"ImageObject\",\"inLanguage\":\"fr-FR\",\"@id\":\"https:\\\/\\\/www.valoren.org\\\/#\\\/schema\\\/logo\\\/image\\\/\",\"url\":\"https:\\\/\\\/www.valoren.org\\\/wp-content\\\/uploads\\\/2024\\\/02\\\/Logo-menu.jpg\",\"contentUrl\":\"https:\\\/\\\/www.valoren.org\\\/wp-content\\\/uploads\\\/2024\\\/02\\\/Logo-menu.jpg\",\"width\":397,\"height\":99,\"caption\":\"Valoren\"},\"image\":{\"@id\":\"https:\\\/\\\/www.valoren.org\\\/#\\\/schema\\\/logo\\\/image\\\/\"}}]}<\/script>\n<!-- \/ Yoast SEO plugin. -->","yoast_head_json":{"title":"Politique de protection des donn\u00e9es - Valoren","robots":{"index":"index","follow":"follow","max-snippet":"max-snippet:-1","max-image-preview":"max-image-preview:large","max-video-preview":"max-video-preview:-1"},"canonical":"https:\/\/www.valoren.org\/index.php\/politique-de-protection-des-donnees\/","og_locale":"fr_FR","og_type":"article","og_title":"Politique de protection des donn\u00e9es - Valoren","og_description":"Politique de protection des donn\u00e9es La pr\u00e9sente politique de protection des donn\u00e9es vise \u00e0 vous informer de nos pratiques concernant la collecte, l\u2019utilisation, le traitement et le partage des donn\u00e9es personnelles que vous \u00eates amen\u00e9s \u00e0 nous fournir lors de votre navigation sur notre site internet www.valoren.org (ci-apr\u00e8s le \u00ab Site \u00bb) et ce, conform\u00e9ment [&hellip;]","og_url":"https:\/\/www.valoren.org\/index.php\/politique-de-protection-des-donnees\/","og_site_name":"Valoren","article_modified_time":"2024-03-08T13:16:16+00:00","twitter_card":"summary_large_image","twitter_misc":{"Dur\u00e9e de lecture estim\u00e9e":"9 minutes"},"schema":{"@context":"https:\/\/schema.org","@graph":[{"@type":"WebPage","@id":"https:\/\/www.valoren.org\/index.php\/politique-de-protection-des-donnees\/","url":"https:\/\/www.valoren.org\/index.php\/politique-de-protection-des-donnees\/","name":"Politique de protection des donn\u00e9es - Valoren","isPartOf":{"@id":"https:\/\/www.valoren.org\/#website"},"datePublished":"2024-03-07T10:38:19+00:00","dateModified":"2024-03-08T13:16:16+00:00","breadcrumb":{"@id":"https:\/\/www.valoren.org\/index.php\/politique-de-protection-des-donnees\/#breadcrumb"},"inLanguage":"fr-FR","potentialAction":[{"@type":"ReadAction","target":["https:\/\/www.valoren.org\/index.php\/politique-de-protection-des-donnees\/"]}]},{"@type":"BreadcrumbList","@id":"https:\/\/www.valoren.org\/index.php\/politique-de-protection-des-donnees\/#breadcrumb","itemListElement":[{"@type":"ListItem","position":1,"name":"Accueil","item":"https:\/\/www.valoren.org\/"},{"@type":"ListItem","position":2,"name":"Politique de protection des donn\u00e9es"}]},{"@type":"WebSite","@id":"https:\/\/www.valoren.org\/#website","url":"https:\/\/www.valoren.org\/","name":"Valoren","description":"Conseils &amp; service en \u00e9nergie","publisher":{"@id":"https:\/\/www.valoren.org\/#organization"},"potentialAction":[{"@type":"SearchAction","target":{"@type":"EntryPoint","urlTemplate":"https:\/\/www.valoren.org\/?s={search_term_string}"},"query-input":{"@type":"PropertyValueSpecification","valueRequired":true,"valueName":"search_term_string"}}],"inLanguage":"fr-FR"},{"@type":"Organization","@id":"https:\/\/www.valoren.org\/#organization","name":"Valoren","url":"https:\/\/www.valoren.org\/","logo":{"@type":"ImageObject","inLanguage":"fr-FR","@id":"https:\/\/www.valoren.org\/#\/schema\/logo\/image\/","url":"https:\/\/www.valoren.org\/wp-content\/uploads\/2024\/02\/Logo-menu.jpg","contentUrl":"https:\/\/www.valoren.org\/wp-content\/uploads\/2024\/02\/Logo-menu.jpg","width":397,"height":99,"caption":"Valoren"},"image":{"@id":"https:\/\/www.valoren.org\/#\/schema\/logo\/image\/"}}]}},"_links":{"self":[{"href":"https:\/\/www.valoren.org\/index.php\/wp-json\/wp\/v2\/pages\/760","targetHints":{"allow":["GET"]}}],"collection":[{"href":"https:\/\/www.valoren.org\/index.php\/wp-json\/wp\/v2\/pages"}],"about":[{"href":"https:\/\/www.valoren.org\/index.php\/wp-json\/wp\/v2\/types\/page"}],"author":[{"embeddable":true,"href":"https:\/\/www.valoren.org\/index.php\/wp-json\/wp\/v2\/users\/2"}],"replies":[{"embeddable":true,"href":"https:\/\/www.valoren.org\/index.php\/wp-json\/wp\/v2\/comments?post=760"}],"version-history":[{"count":16,"href":"https:\/\/www.valoren.org\/index.php\/wp-json\/wp\/v2\/pages\/760\/revisions"}],"predecessor-version":[{"id":860,"href":"https:\/\/www.valoren.org\/index.php\/wp-json\/wp\/v2\/pages\/760\/revisions\/860"}],"wp:attachment":[{"href":"https:\/\/www.valoren.org\/index.php\/wp-json\/wp\/v2\/media?parent=760"}],"curies":[{"name":"wp","href":"https:\/\/api.w.org\/{rel}","templated":true}]}}